{"id":1832,"date":"2026-05-15T08:43:18","date_gmt":"2026-05-15T06:43:18","guid":{"rendered":"https:\/\/eurocongres.es\/ecs\/?page_id=1832"},"modified":"2026-08-28T12:37:36","modified_gmt":"2026-08-28T10:37:36","slug":"xx-encuentro-de-coros-colegido-de-abogados-granada","status":"publish","type":"page","link":"https:\/\/eurocongres.es\/ecs\/xx-encuentro-de-coros-colegido-de-abogados-granada\/","title":{"rendered":"XX Encuentro de Coros &#8211; Colegido de abogados &#8211; Granada"},"content":{"rendered":"\t\t<div data-elementor-type=\"wp-page\" data-elementor-id=\"1832\" class=\"elementor elementor-1832\">\n\t\t\t\t<div class=\"elementor-element elementor-element-6654885 e-con-full e-transform e-flex e-con e-parent\" data-id=\"6654885\" data-element_type=\"container\" data-e-type=\"container\" data-settings=\"{&quot;background_background&quot;:&quot;classic&quot;,&quot;_transform_translateX_effect&quot;:{&quot;unit&quot;:&quot;px&quot;,&quot;size&quot;:&quot;&quot;,&quot;sizes&quot;:[]},&quot;_transform_translateX_effect_tablet&quot;:{&quot;unit&quot;:&quot;px&quot;,&quot;size&quot;:&quot;&quot;,&quot;sizes&quot;:[]},&quot;_transform_translateX_effect_mobile&quot;:{&quot;unit&quot;:&quot;px&quot;,&quot;size&quot;:&quot;&quot;,&quot;sizes&quot;:[]},&quot;_transform_translateY_effect&quot;:{&quot;unit&quot;:&quot;px&quot;,&quot;size&quot;:&quot;&quot;,&quot;sizes&quot;:[]},&quot;_transform_translateY_effect_tablet&quot;:{&quot;unit&quot;:&quot;px&quot;,&quot;size&quot;:&quot;&quot;,&quot;sizes&quot;:[]},&quot;_transform_translateY_effect_mobile&quot;:{&quot;unit&quot;:&quot;px&quot;,&quot;size&quot;:&quot;&quot;,&quot;sizes&quot;:[]}}\">\n\t\t<div class=\"elementor-element elementor-element-9d79bc5 e-con-full e-flex e-con e-child\" data-id=\"9d79bc5\" data-element_type=\"container\" data-e-type=\"container\" data-settings=\"{&quot;position&quot;:&quot;fixed&quot;}\">\n\t\t\t\t<div class=\"elementor-element elementor-element-3bd1b6a elementor-widget__width-initial elementor-widget elementor-widget-image\" data-id=\"3bd1b6a\" data-element_type=\"widget\" data-e-type=\"widget\" data-widget_type=\"image.default\">\n\t\t\t\t<div class=\"elementor-widget-container\">\n\t\t\t\t\t\t\t\t\t\t\t\t\t\t\t<img fetchpriority=\"high\" decoding=\"async\" width=\"1024\" height=\"838\" src=\"https:\/\/eurocongres.es\/ecs\/wp-content\/uploads\/2026\/06\/DISENO-DEFINITIVO-1-1024x838.png\" class=\"attachment-large size-large wp-image-3137\" alt=\"\" srcset=\"https:\/\/eurocongres.es\/ecs\/wp-content\/uploads\/2026\/06\/DISENO-DEFINITIVO-1-1024x838.png 1024w, https:\/\/eurocongres.es\/ecs\/wp-content\/uploads\/2026\/06\/DISENO-DEFINITIVO-1-300x245.png 300w, https:\/\/eurocongres.es\/ecs\/wp-content\/uploads\/2026\/06\/DISENO-DEFINITIVO-1-768x628.png 768w, https:\/\/eurocongres.es\/ecs\/wp-content\/uploads\/2026\/06\/DISENO-DEFINITIVO-1-1536x1257.png 1536w, https:\/\/eurocongres.es\/ecs\/wp-content\/uploads\/2026\/06\/DISENO-DEFINITIVO-1-2048x1676.png 2048w\" sizes=\"(max-width: 1024px) 100vw, 1024px\" \/>\t\t\t\t\t\t\t\t\t\t\t\t\t\t\t<\/div>\n\t\t\t\t<\/div>\n\t\t\t\t<\/div>\n\t\t\t\t<\/div>\n\t\t<div class=\"elementor-element elementor-element-d171811 e-grid e-con-boxed e-con e-parent\" data-id=\"d171811\" data-element_type=\"container\" data-e-type=\"container\">\n\t\t\t\t\t<div class=\"e-con-inner\">\n\t\t\t\t<div class=\"elementor-element elementor-element-3b854c6 elementor-align-center elementor-widget__width-inherit elementor-widget elementor-widget-button\" data-id=\"3b854c6\" data-element_type=\"widget\" data-e-type=\"widget\" data-widget_type=\"button.default\">\n\t\t\t\t<div class=\"elementor-widget-container\">\n\t\t\t\t\t\t\t\t\t<div class=\"elementor-button-wrapper\">\n\t\t\t\t\t<a class=\"elementor-button elementor-button-link elementor-size-sm\" href=\"#Inscripcin\">\n\t\t\t\t\t\t<span class=\"elementor-button-content-wrapper\">\n\t\t\t\t\t\t<span class=\"elementor-button-icon\">\n\t\t\t\t<svg aria-hidden=\"true\" class=\"e-font-icon-svg e-fas-music\" viewBox=\"0 0 512 512\" xmlns=\"http:\/\/www.w3.org\/2000\/svg\"><path d=\"M470.38 1.51L150.41 96A32 32 0 0 0 128 126.51v261.41A139 139 0 0 0 96 384c-53 0-96 28.66-96 64s43 64 96 64 96-28.66 96-64V214.32l256-75v184.61a138.4 138.4 0 0 0-32-3.93c-53 0-96 28.66-96 64s43 64 96 64 96-28.65 96-64V32a32 32 0 0 0-41.62-30.49z\"><\/path><\/svg>\t\t\t<\/span>\n\t\t\t\t\t\t\t\t\t<span class=\"elementor-button-text\">Inscripci\u00f3n<\/span>\n\t\t\t\t\t<\/span>\n\t\t\t\t\t<\/a>\n\t\t\t\t<\/div>\n\t\t\t\t\t\t\t\t<\/div>\n\t\t\t\t<\/div>\n\t\t\t\t<div class=\"elementor-element elementor-element-4cac340 elementor-align-center elementor-widget__width-inherit elementor-widget elementor-widget-button\" data-id=\"4cac340\" data-element_type=\"widget\" data-e-type=\"widget\" data-widget_type=\"button.default\">\n\t\t\t\t<div class=\"elementor-widget-container\">\n\t\t\t\t\t\t\t\t\t<div class=\"elementor-button-wrapper\">\n\t\t\t\t\t<a class=\"elementor-button elementor-button-link elementor-size-sm\" href=\"#Programa\">\n\t\t\t\t\t\t<span class=\"elementor-button-content-wrapper\">\n\t\t\t\t\t\t<span class=\"elementor-button-icon\">\n\t\t\t\t<svg aria-hidden=\"true\" class=\"e-font-icon-svg e-fas-music\" viewBox=\"0 0 512 512\" xmlns=\"http:\/\/www.w3.org\/2000\/svg\"><path d=\"M470.38 1.51L150.41 96A32 32 0 0 0 128 126.51v261.41A139 139 0 0 0 96 384c-53 0-96 28.66-96 64s43 64 96 64 96-28.66 96-64V214.32l256-75v184.61a138.4 138.4 0 0 0-32-3.93c-53 0-96 28.66-96 64s43 64 96 64 96-28.65 96-64V32a32 32 0 0 0-41.62-30.49z\"><\/path><\/svg>\t\t\t<\/span>\n\t\t\t\t\t\t\t\t\t<span class=\"elementor-button-text\">Programa<\/span>\n\t\t\t\t\t<\/span>\n\t\t\t\t\t<\/a>\n\t\t\t\t<\/div>\n\t\t\t\t\t\t\t\t<\/div>\n\t\t\t\t<\/div>\n\t\t\t\t<div class=\"elementor-element elementor-element-9bccc33 elementor-align-center elementor-widget elementor-widget-button\" data-id=\"9bccc33\" data-element_type=\"widget\" data-e-type=\"widget\" data-widget_type=\"button.default\">\n\t\t\t\t<div class=\"elementor-widget-container\">\n\t\t\t\t\t\t\t\t\t<div class=\"elementor-button-wrapper\">\n\t\t\t\t\t<a class=\"elementor-button elementor-button-link elementor-size-sm\" href=\"#Alojamiento\">\n\t\t\t\t\t\t<span class=\"elementor-button-content-wrapper\">\n\t\t\t\t\t\t<span class=\"elementor-button-icon\">\n\t\t\t\t<svg aria-hidden=\"true\" class=\"e-font-icon-svg e-fas-music\" viewBox=\"0 0 512 512\" xmlns=\"http:\/\/www.w3.org\/2000\/svg\"><path d=\"M470.38 1.51L150.41 96A32 32 0 0 0 128 126.51v261.41A139 139 0 0 0 96 384c-53 0-96 28.66-96 64s43 64 96 64 96-28.66 96-64V214.32l256-75v184.61a138.4 138.4 0 0 0-32-3.93c-53 0-96 28.66-96 64s43 64 96 64 96-28.65 96-64V32a32 32 0 0 0-41.62-30.49z\"><\/path><\/svg>\t\t\t<\/span>\n\t\t\t\t\t\t\t\t\t<span class=\"elementor-button-text\">Alojamiento<\/span>\n\t\t\t\t\t<\/span>\n\t\t\t\t\t<\/a>\n\t\t\t\t<\/div>\n\t\t\t\t\t\t\t\t<\/div>\n\t\t\t\t<\/div>\n\t\t\t\t<div class=\"elementor-element elementor-element-eb1ed46 elementor-align-center elementor-widget__width-inherit elementor-widget elementor-widget-button\" data-id=\"eb1ed46\" data-element_type=\"widget\" data-e-type=\"widget\" data-widget_type=\"button.default\">\n\t\t\t\t<div class=\"elementor-widget-container\">\n\t\t\t\t\t\t\t\t\t<div class=\"elementor-button-wrapper\">\n\t\t\t\t\t<a class=\"elementor-button elementor-button-link elementor-size-sm\" href=\"#Organiza\">\n\t\t\t\t\t\t<span class=\"elementor-button-content-wrapper\">\n\t\t\t\t\t\t<span class=\"elementor-button-icon\">\n\t\t\t\t<svg aria-hidden=\"true\" class=\"e-font-icon-svg e-fas-music\" viewBox=\"0 0 512 512\" xmlns=\"http:\/\/www.w3.org\/2000\/svg\"><path d=\"M470.38 1.51L150.41 96A32 32 0 0 0 128 126.51v261.41A139 139 0 0 0 96 384c-53 0-96 28.66-96 64s43 64 96 64 96-28.66 96-64V214.32l256-75v184.61a138.4 138.4 0 0 0-32-3.93c-53 0-96 28.66-96 64s43 64 96 64 96-28.65 96-64V32a32 32 0 0 0-41.62-30.49z\"><\/path><\/svg>\t\t\t<\/span>\n\t\t\t\t\t\t\t\t\t<span class=\"elementor-button-text\">Contacto<\/span>\n\t\t\t\t\t<\/span>\n\t\t\t\t\t<\/a>\n\t\t\t\t<\/div>\n\t\t\t\t\t\t\t\t<\/div>\n\t\t\t\t<\/div>\n\t\t\t\t\t<\/div>\n\t\t\t\t<\/div>\n\t\t<div class=\"elementor-element elementor-element-0818e02 e-flex e-con-boxed e-con e-parent\" data-id=\"0818e02\" data-element_type=\"container\" data-e-type=\"container\" data-settings=\"{&quot;shape_divider_top&quot;:&quot;arrow&quot;,&quot;shape_divider_bottom&quot;:&quot;arrow&quot;}\">\n\t\t\t\t\t<div class=\"e-con-inner\">\n\t\t\t\t<div class=\"elementor-shape elementor-shape-top\" aria-hidden=\"true\" data-negative=\"false\">\n\t\t\t<svg xmlns=\"http:\/\/www.w3.org\/2000\/svg\" viewBox=\"0 0 700 10\" preserveAspectRatio=\"none\">\n\t<path class=\"elementor-shape-fill\" d=\"M350,10L340,0h20L350,10z\"\/>\n<\/svg>\t\t<\/div>\n\t\t\t\t<div class=\"elementor-shape elementor-shape-bottom\" aria-hidden=\"true\" data-negative=\"false\">\n\t\t\t<svg xmlns=\"http:\/\/www.w3.org\/2000\/svg\" viewBox=\"0 0 700 10\" preserveAspectRatio=\"none\">\n\t<path class=\"elementor-shape-fill\" d=\"M350,10L340,0h20L350,10z\"\/>\n<\/svg>\t\t<\/div>\n\t\t\t\t<div class=\"elementor-element elementor-element-c843317 elementor-widget elementor-widget-text-editor\" data-id=\"c843317\" data-element_type=\"widget\" data-e-type=\"widget\" data-widget_type=\"text-editor.default\">\n\t\t\t\t<div class=\"elementor-widget-container\">\n\t\t\t\t\t\t\t\t\t<div style=\"overflow: hidden;\"><p><img decoding=\"async\" class=\"wp-image-3306 alignright\" style=\"font-style: inherit; font-weight: inherit; text-align: right;\" src=\"https:\/\/eurocongres.es\/ecs\/wp-content\/uploads\/2026\/06\/LeandroCabrera-e1782709082843-245x300.jpg\" alt=\"\" width=\"287\" height=\"351\" srcset=\"https:\/\/eurocongres.es\/ecs\/wp-content\/uploads\/2026\/06\/LeandroCabrera-e1782709082843-245x300.jpg 245w, https:\/\/eurocongres.es\/ecs\/wp-content\/uploads\/2026\/06\/LeandroCabrera-e1782709082843.jpg 418w\" sizes=\"(max-width: 287px) 100vw, 287px\" \/><span style=\"font-size: 22px;\">Estimados\u00a0compa\u00f1eros y compa\u00f1eras:<\/span><\/p><p><span style=\"font-size: 22px;\">Me complace dirigirme a vosotros para daros la bienvenida al \u201c<strong><em>XX Encuentro de Coros de Colegios de Abogados de Espa\u00f1a<\/em><\/strong>\u201d, que tenemos el honor de acoger con la ilusi\u00f3n de aunar m\u00fasica, confraternidad, ocio y divertimento. Durante los pr\u00f3ximos 31 de octubre y 1 de noviembre \u00e9sta ser\u00e1 vuestra casa.<\/span><\/p><p><span style=\"font-size: 22px;\">En la actualidad, este encuentro re\u00fane a 13 coros pertenecientes a distintos<span style=\"font-size: 22px;\"> Colegios de Abogados del territorio Nacional, -Alicante, Almer\u00eda, Baleares, Barcelona, C\u00f3rdoba, Madrid, M\u00e1laga, Oviedo, Valencia, Vigo, Vizcaya, Zaragoza y Granada, constituyendo una cita consolidada dentro del \u00e1mbito cultural y musical de nuestra instituci\u00f3n, as\u00ed como un espacio privilegiado de convivencia y encuentro entre profesionales de la Abogac\u00eda.<\/span><\/span><\/p><p><span style=\"font-size: 22px;\">Como Colegio anfitri\u00f3n, esta edici\u00f3n reviste un car\u00e1cter especialmente significativo al coincidir con el 30 aniversario del Coro del Colegio de Abogados de Granada, circunstancia que nos honra y que deseamos celebrar en el marco de este evento compartido.<\/span><\/p><p><span style=\"font-size: 22px;\">Iniciativas como \u00e9sta, trascienden a la mera interpretaci\u00f3n musical para convertirse\u00a0 en \u00a0un foro de di\u00e1logo, un puente de colaboraci\u00f3n y un\u00a0espacio de alto impacto social que, sin duda y gracias a la colaboraci\u00f3n de todos,\u00a0\u00a0se sumar\u00e1 a la muchas actividades celebradas\u00a0 en nuestra ciudad en apoyo a la candidatura de Granada a Capital Europea de la Cultura 2031.<\/span><\/p><p><img decoding=\"async\" class=\"\" style=\"float: right; margin-left: 20px; margin-bottom: 10px; max-width: 40%; height: 355px;\" src=\"https:\/\/eurocongres.es\/ecs\/wp-content\/uploads\/2026\/06\/530ed118-225c-4bb6-8f43-29f9cc1b277f_670.jpg\" alt=\"Descripci\u00f3n de la imagen\" width=\"276\" height=\"202\" \/><\/p><p><span style=\"font-size: 22px;\">Agradezco enormemente vuestra presencia y conf\u00edo en que estos d\u00edas contribuyan a fortalecer los lazos entre los distintos Colegios y permitan disfrutar a todos, tanto de la m\u00fasica Coral como del patrimonio cultural, hist\u00f3rico y humano de la ciudad de Granada.<\/span><\/p><p><span style=\"font-size: 22px;\">Un fuerte abrazo<\/span><\/p><p><span style=\"font-size: 22px;\">Leandro Cabrera Mercado<br \/><span style=\"font-size: 22px;\">Decano<\/span><\/span><\/p><\/div>\t\t\t\t\t\t\t\t<\/div>\n\t\t\t\t<\/div>\n\t\t\t\t\t<\/div>\n\t\t\t\t<\/div>\n\t\t<div class=\"elementor-element elementor-element-09c77f7 e-flex e-con-boxed e-con e-parent\" data-id=\"09c77f7\" data-element_type=\"container\" data-e-type=\"container\">\n\t\t\t\t\t<div class=\"e-con-inner\">\n\t\t\t\t<div class=\"elementor-element elementor-element-a3acee7 elementor-widget elementor-widget-menu-anchor\" data-id=\"a3acee7\" data-element_type=\"widget\" data-e-type=\"widget\" data-widget_type=\"menu-anchor.default\">\n\t\t\t\t<div class=\"elementor-widget-container\">\n\t\t\t\t\t\t\t<div class=\"elementor-menu-anchor\" id=\"Programa\"><\/div>\n\t\t\t\t\t\t<\/div>\n\t\t\t\t<\/div>\n\t\t\t\t\t<\/div>\n\t\t\t\t<\/div>\n\t\t<div class=\"elementor-element elementor-element-68da1ff e-con-full e-flex e-con e-parent\" data-id=\"68da1ff\" data-element_type=\"container\" data-e-type=\"container\" data-settings=\"{&quot;shape_divider_top&quot;:&quot;opacity-tilt&quot;}\">\n\t\t\t\t<div class=\"elementor-shape elementor-shape-top\" aria-hidden=\"true\" data-negative=\"false\">\n\t\t\t<svg xmlns=\"http:\/\/www.w3.org\/2000\/svg\" viewBox=\"0 0 2600 131.1\" preserveAspectRatio=\"none\">\n\t<path class=\"elementor-shape-fill\" d=\"M0 0L2600 0 2600 69.1 0 0z\"\/>\n\t<path class=\"elementor-shape-fill\" style=\"opacity:0.5\" d=\"M0 0L2600 0 2600 69.1 0 69.1z\"\/>\n\t<path class=\"elementor-shape-fill\" style=\"opacity:0.25\" d=\"M2600 0L0 0 0 130.1 2600 69.1z\"\/>\n<\/svg>\t\t<\/div>\n\t\t<div class=\"elementor-element elementor-element-74d4667 e-flex e-con-boxed e-con e-child\" data-id=\"74d4667\" data-element_type=\"container\" data-e-type=\"container\">\n\t\t\t\t\t<div class=\"e-con-inner\">\n\t\t\t\t<div class=\"elementor-element elementor-element-d495292 elementor-widget elementor-widget-heading\" data-id=\"d495292\" data-element_type=\"widget\" data-e-type=\"widget\" data-widget_type=\"heading.default\">\n\t\t\t\t<div class=\"elementor-widget-container\">\n\t\t\t\t\t<h1 class=\"elementor-heading-title elementor-size-default\">Programa<\/h1>\t\t\t\t<\/div>\n\t\t\t\t<\/div>\n\t\t\t\t\t<\/div>\n\t\t\t\t<\/div>\n\t\t<div class=\"elementor-element elementor-element-656539d e-flex e-con-boxed e-con e-child\" data-id=\"656539d\" data-element_type=\"container\" data-e-type=\"container\">\n\t\t\t\t\t<div class=\"e-con-inner\">\n\t\t\t\t<div class=\"elementor-element elementor-element-1706039 elementor-widget__width-initial elementor-widget elementor-widget-text-editor\" data-id=\"1706039\" data-element_type=\"widget\" data-e-type=\"widget\" data-widget_type=\"text-editor.default\">\n\t\t\t\t<div class=\"elementor-widget-container\">\n\t\t\t\t\t\t\t\t\t<p><strong><span style=\"text-decoration: underline;\"><span style=\"color: #3c3cab; text-decoration: underline;\">S\u00e1bado, 31 de Octubre de 2026<\/span><\/span><\/strong><\/p><p style=\"padding-left: 120px;\"><span style=\"color: #000000;\">17:30h <strong>Recepci\u00f3n y Bienvenida a los Coros Participantes. <\/strong><span style=\"font-size: 20px;\">Ayuntamiento de Granada<\/span><\/span><\/p><p style=\"padding-left: 120px;\"><span style=\"color: #000000;\">19:30h <strong>Entrega de Acreditaciones. <\/strong><\/span><span style=\"color: #000000;\"><em>Hotel Barcel\u00f3 Congress.<span style=\"color: #999999;\">\u00a0C. Maestro Montero, 12, Ronda, 18004 Granada<\/span><\/em><\/span><\/p><p style=\"padding-left: 120px;\"><span style=\"color: #000000;\">20:00h <strong>Inauguraci\u00f3n del XX Encuentro.<\/strong>\u00a0<\/span><\/p><p style=\"padding-left: 120px;\"><span style=\"color: #000000;\">20:30h <strong>C\u00f3ctel de bienvenida.<\/strong> Espacio de encuentro e intercambio entre directores, coralistas e invitados.<\/span><\/p><p style=\"padding-left: 120px;\"><span style=\"color: #000000;\">22:30h <strong>Fin de la jornada.<\/strong><\/span><\/p><p style=\"font-size: 30px; text-align: center;\"><strong><span style=\"text-decoration: underline;\"><span style=\"color: #3c3cab; text-decoration: underline;\">Domingo, 1 de Noviembre de 2026<\/span><\/span><\/strong><\/p><h3 style=\"padding-left: 40px;\"><span style=\"color: #993300;\"><strong>Ensayo, Concierto. <\/strong><\/span><\/h3><p style=\"padding-left: 40px;\"><span style=\"color: #000000;\"><em>Auditorio Manuel de Fall<\/em>a. <span style=\"color: #969696;\"><em>P.\u00ba de los M\u00e1rtires, s\/n, Centro, 18009 Granada<\/em><\/span><\/span><\/p><p style=\"padding-left: 120px;\"><span style=\"color: #000000;\">09:30h <strong>Ensayo general.<\/strong> Preparaci\u00f3n conjunta de las obras del concierto final.<\/span><\/p><p style=\"padding-left: 120px;\"><span style=\"color: #000000;\">11:30h Descanso<\/span><\/p><p style=\"padding-left: 120px;\"><span style=\"color: #000000;\">12:00h <strong>Continuaci\u00f3n del ensayo.<\/strong> Ajustes musicales y prueba de escenario.<\/span><\/p><p style=\"padding-left: 120px;\"><span style=\"color: #000000;\">14:00h Almuerzo libre<\/span><\/p><p style=\"padding-left: 120px;\"><span style=\"color: #000000;\">17:00h <strong>Concentraci\u00f3n de los coros participantes.<\/strong> Preparaci\u00f3n previa al concierto.<\/span><\/p><p style=\"padding-left: 120px;\"><span style=\"color: #000000;\">18:00h Apertura de puertas<\/span><\/p><p style=\"padding-left: 120px;\"><span style=\"color: #000000;\">18:30\u201320:30h <strong>Concierto Nacional de Coros.<\/strong> Presentaci\u00f3n oficial de los coros participantes y actuaci\u00f3n conjunta.<\/span><\/p><p style=\"padding-left: 120px;\"><span style=\"color: #000000;\">21:00h Salida de autobuses. <span style=\"color: #808080;\"><em>Parking de los Jardines del Generalife<\/em><\/span><\/span><\/p><p style=\"padding-left: 120px;\"><span style=\"color: #000000;\">21:30h <strong>Cena de clausura<\/strong>. <\/span><span style=\"color: #000000;\">Cena de confraternizaci\u00f3n y despedida.\u00a0<\/span><span style=\"color: #000000;\"><em><br \/>Jardines de la Mamunia. <\/em><\/span><em>Carretera Antigua de Motril, N 323,142km 18630 Otura, Granada<\/em><\/p><p style=\"padding-left: 120px;\"><span style=\"color: #000000;\">3:00h <strong>Cierre del encuentro<\/strong><\/span><\/p><p style=\"padding-left: 120px;\"><span style=\"color: #000000;\">01:00 y 03:00h Salida de autobuses. <\/span><span style=\"color: #000000;\"><span style=\"color: #808080;\"><i>Hacia el Hotel Barcel\u00f3 Congress<\/i><\/span><\/span><\/p><h3 style=\"padding-left: 120px; text-align: center;\">\u00a0<\/h3>\t\t\t\t\t\t\t\t<\/div>\n\t\t\t\t<\/div>\n\t\t\t\t\t<\/div>\n\t\t\t\t<\/div>\n\t\t<div class=\"elementor-element elementor-element-3e060c6 e-flex e-con-boxed e-con e-child\" data-id=\"3e060c6\" data-element_type=\"container\" data-e-type=\"container\" data-settings=\"{&quot;shape_divider_top&quot;:&quot;opacity-tilt&quot;}\">\n\t\t\t\t\t<div class=\"e-con-inner\">\n\t\t\t\t<div class=\"elementor-shape elementor-shape-top\" aria-hidden=\"true\" data-negative=\"false\">\n\t\t\t<svg xmlns=\"http:\/\/www.w3.org\/2000\/svg\" viewBox=\"0 0 2600 131.1\" preserveAspectRatio=\"none\">\n\t<path class=\"elementor-shape-fill\" d=\"M0 0L2600 0 2600 69.1 0 0z\"\/>\n\t<path class=\"elementor-shape-fill\" style=\"opacity:0.5\" d=\"M0 0L2600 0 2600 69.1 0 69.1z\"\/>\n\t<path class=\"elementor-shape-fill\" style=\"opacity:0.25\" d=\"M2600 0L0 0 0 130.1 2600 69.1z\"\/>\n<\/svg>\t\t<\/div>\n\t\t\t\t<div class=\"elementor-element elementor-element-87fb091 elementor-widget elementor-widget-heading\" data-id=\"87fb091\" data-element_type=\"widget\" data-e-type=\"widget\" data-widget_type=\"heading.default\">\n\t\t\t\t<div class=\"elementor-widget-container\">\n\t\t\t\t\t<h4 class=\"elementor-heading-title elementor-size-default\">Programa de Acompa\u00f1antes<\/h4>\t\t\t\t<\/div>\n\t\t\t\t<\/div>\n\t\t\t\t\t<\/div>\n\t\t\t\t<\/div>\n\t\t<div class=\"elementor-element elementor-element-bddfb55 e-flex e-con-boxed e-con e-child\" data-id=\"bddfb55\" data-element_type=\"container\" data-e-type=\"container\">\n\t\t\t\t\t<div class=\"e-con-inner\">\n\t\t\t\t<div class=\"elementor-element elementor-element-c33a69a elementor-widget__width-initial elementor-widget elementor-widget-text-editor\" data-id=\"c33a69a\" data-element_type=\"widget\" data-e-type=\"widget\" data-widget_type=\"text-editor.default\">\n\t\t\t\t<div class=\"elementor-widget-container\">\n\t\t\t\t\t\t\t\t\t<p style=\"font-size: 25px; text-align: center;\"><strong><span style=\"text-decoration: underline;\"><span style=\"color: #3c3cab; text-decoration: underline;\">Domingo, 1 de Noviembre de 2026<\/span><\/span><\/strong><\/p><p><span style=\"color: #000000;\"><strong>VISITA CULTURAL. Albaic\u00edn y Sacromonte<\/strong><\/span><\/p><p><span style=\"color: #000000;\">Desde GranadaSingular\ud83d\udddd\ufe0f la ruta tur\u00edstico-cultural \u201cAlbaic\u00edn y Sacromonte\u201d, est\u00e1 dise\u00f1ada para comprender la importancia hist\u00f3rica de Granada y su extraordinario valor art\u00edstico a trav\u00e9s de sus grandes hitos patrimoniales, acontecimientos veraces, personajes reales e itinerarios cuidadosamente planteados.<\/span><\/p><p><span style=\"color: #000000;\">El recorrido est\u00e1 pensado para romper el hielo con una ciudad que tiene mucho que ofrecer y mucho m\u00e1s que contar. Siempre desde un punto de vista riguroso, pero con un discurso ameno, did\u00e1ctico y cercano.<\/span><\/p><p><span style=\"color: #000000;\"><img loading=\"lazy\" decoding=\"async\" class=\"wp-image-3764 size-medium alignleft\" src=\"https:\/\/eurocongres.es\/ecs\/wp-content\/uploads\/2026\/07\/alhambra-arch-and-granada-cityscape-2021-08-28-22-30-10-utc-960x1149-1-251x300.jpg\" alt=\"\" width=\"251\" height=\"300\" srcset=\"https:\/\/eurocongres.es\/ecs\/wp-content\/uploads\/2026\/07\/alhambra-arch-and-granada-cityscape-2021-08-28-22-30-10-utc-960x1149-1-251x300.jpg 251w, https:\/\/eurocongres.es\/ecs\/wp-content\/uploads\/2026\/07\/alhambra-arch-and-granada-cityscape-2021-08-28-22-30-10-utc-960x1149-1-856x1024.jpg 856w, https:\/\/eurocongres.es\/ecs\/wp-content\/uploads\/2026\/07\/alhambra-arch-and-granada-cityscape-2021-08-28-22-30-10-utc-960x1149-1-768x919.jpg 768w, https:\/\/eurocongres.es\/ecs\/wp-content\/uploads\/2026\/07\/alhambra-arch-and-granada-cityscape-2021-08-28-22-30-10-utc-960x1149-1.jpg 960w\" sizes=\"(max-width: 251px) 100vw, 251px\" \/><\/span><\/p><p><span style=\"color: #000000;\">La visita al Albaic\u00edn y Sacromonte, nos permite adentrarnos en dos de los barrios m\u00e1s singulares de Granada, comprendiendo su evoluci\u00f3n hist\u00f3rica, su paisaje urbano y humano, y el valor patrimonial que los convierte en espacios imprescindibles para interpretar la identidad de la ciudad. El origen de Granada, la Edad Media, el Siglo de Oro, la importancia del flamenco, los moriscos o las zambras ser\u00e1n parte de nuestro discurso.\u00a0<\/span><\/p><ul><li style=\"list-style-type: none;\"><ul><li style=\"list-style-type: none;\"><ul><li style=\"list-style-type: none;\"><ul><li style=\"list-style-type: none;\"><ul><li style=\"list-style-type: none;\"><ul><li style=\"list-style-type: none;\"><ul><li style=\"list-style-type: none;\"><ul><li style=\"list-style-type: none;\"><ul><li style=\"list-style-type: none;\"><ul><li><span style=\"color: #000000;\">Grupos reducidos<\/span><\/li><li><span style=\"color: #000000;\">Duraci\u00f3n de cada ruta: 2 horas y 2 horas y media, aproximadamente.<\/span><\/li><li><span style=\"color: #000000;\">Precio por persona: 21 \u20ac por persona, impuestos incluidos.<\/span><\/li><\/ul><\/li><\/ul><\/li><\/ul><\/li><\/ul><\/li><\/ul><\/li><\/ul><\/li><\/ul><\/li><\/ul><\/li><\/ul><\/li><\/ul><p><br \/><span style=\"font-size: 15pt; font-family: 'Roboto', serif; color: #000000;\">Las personas interesadas en participar en el programa de Acompa\u00f1antes, por favor remitan un correo a la secretar\u00eda <a style=\"color: #000000;\" href=\"mailto:xxencuentro@eurocongres.es\" target=\"_blank\" rel=\"noopener\"><span style=\"color: #000080;\"><strong>xxencuentro@eurocongres.es<\/strong><\/span><\/a> para solicitar su inscripci\u00f3n<\/span><\/p>\t\t\t\t\t\t\t\t<\/div>\n\t\t\t\t<\/div>\n\t\t\t\t\t<\/div>\n\t\t\t\t<\/div>\n\t\t\t\t<div class=\"elementor-element elementor-element-f0710a4 elementor-hidden-desktop elementor-hidden-tablet elementor-hidden-mobile elementor-widget-divider--view-line elementor-widget elementor-widget-divider\" data-id=\"f0710a4\" data-element_type=\"widget\" data-e-type=\"widget\" data-widget_type=\"divider.default\">\n\t\t\t\t<div class=\"elementor-widget-container\">\n\t\t\t\t\t\t\t<div class=\"elementor-divider\">\n\t\t\t<span class=\"elementor-divider-separator\">\n\t\t\t\t\t\t<\/span>\n\t\t<\/div>\n\t\t\t\t\t\t<\/div>\n\t\t\t\t<\/div>\n\t\t<div class=\"elementor-element elementor-element-0947d39 e-flex e-con-boxed e-con e-child\" data-id=\"0947d39\" data-element_type=\"container\" data-e-type=\"container\" data-settings=\"{&quot;shape_divider_top&quot;:&quot;opacity-tilt&quot;}\">\n\t\t\t\t\t<div class=\"e-con-inner\">\n\t\t\t\t<div class=\"elementor-shape elementor-shape-top\" aria-hidden=\"true\" data-negative=\"false\">\n\t\t\t<svg xmlns=\"http:\/\/www.w3.org\/2000\/svg\" viewBox=\"0 0 2600 131.1\" preserveAspectRatio=\"none\">\n\t<path class=\"elementor-shape-fill\" d=\"M0 0L2600 0 2600 69.1 0 0z\"\/>\n\t<path class=\"elementor-shape-fill\" style=\"opacity:0.5\" d=\"M0 0L2600 0 2600 69.1 0 69.1z\"\/>\n\t<path class=\"elementor-shape-fill\" style=\"opacity:0.25\" d=\"M2600 0L0 0 0 130.1 2600 69.1z\"\/>\n<\/svg>\t\t<\/div>\n\t\t\t\t<div class=\"elementor-element elementor-element-6e68f18 elementor-widget elementor-widget-heading\" data-id=\"6e68f18\" data-element_type=\"widget\" data-e-type=\"widget\" data-widget_type=\"heading.default\">\n\t\t\t\t<div class=\"elementor-widget-container\">\n\t\t\t\t\t<h1 class=\"elementor-heading-title elementor-size-default\">Participantes<\/h1>\t\t\t\t<\/div>\n\t\t\t\t<\/div>\n\t\t\t\t\t<\/div>\n\t\t\t\t<\/div>\n\t\t<div class=\"elementor-element elementor-element-801f4f4 e-con-full e-flex e-con e-child\" data-id=\"801f4f4\" data-element_type=\"container\" data-e-type=\"container\">\n\t\t<div class=\"elementor-element elementor-element-b66d14c e-grid e-con-full e-con e-child\" data-id=\"b66d14c\" data-element_type=\"container\" data-e-type=\"container\">\n\t\t\t\t<div class=\"elementor-element elementor-element-2efb0d4 elementor-widget__width-initial elementor-widget elementor-widget-image\" data-id=\"2efb0d4\" data-element_type=\"widget\" data-e-type=\"widget\" data-widget_type=\"image.default\">\n\t\t\t\t<div class=\"elementor-widget-container\">\n\t\t\t\t\t\t\t\t\t\t\t\t\t\t\t<img loading=\"lazy\" decoding=\"async\" width=\"1024\" height=\"908\" src=\"https:\/\/eurocongres.es\/ecs\/wp-content\/uploads\/2026\/06\/LOGO-ABOGADOS-VERTICAL-azul-1024x908.png\" class=\"attachment-large size-large wp-image-3220\" alt=\"\" srcset=\"https:\/\/eurocongres.es\/ecs\/wp-content\/uploads\/2026\/06\/LOGO-ABOGADOS-VERTICAL-azul-1024x908.png 1024w, https:\/\/eurocongres.es\/ecs\/wp-content\/uploads\/2026\/06\/LOGO-ABOGADOS-VERTICAL-azul-300x266.png 300w, https:\/\/eurocongres.es\/ecs\/wp-content\/uploads\/2026\/06\/LOGO-ABOGADOS-VERTICAL-azul-768x681.png 768w, https:\/\/eurocongres.es\/ecs\/wp-content\/uploads\/2026\/06\/LOGO-ABOGADOS-VERTICAL-azul-1536x1362.png 1536w, https:\/\/eurocongres.es\/ecs\/wp-content\/uploads\/2026\/06\/LOGO-ABOGADOS-VERTICAL-azul-2048x1816.png 2048w\" sizes=\"(max-width: 1024px) 100vw, 1024px\" \/>\t\t\t\t\t\t\t\t\t\t\t\t\t\t\t<\/div>\n\t\t\t\t<\/div>\n\t\t\t\t<div class=\"elementor-element elementor-element-fd01ae8 elementor-widget elementor-widget-image\" data-id=\"fd01ae8\" data-element_type=\"widget\" data-e-type=\"widget\" data-widget_type=\"image.default\">\n\t\t\t\t<div class=\"elementor-widget-container\">\n\t\t\t\t\t\t\t\t\t\t\t\t\t\t\t<img loading=\"lazy\" decoding=\"async\" width=\"800\" height=\"302\" src=\"https:\/\/eurocongres.es\/ecs\/wp-content\/uploads\/2026\/06\/coro-madrid.png\" class=\"attachment-large size-large wp-image-2744\" alt=\"\" srcset=\"https:\/\/eurocongres.es\/ecs\/wp-content\/uploads\/2026\/06\/coro-madrid.png 800w, https:\/\/eurocongres.es\/ecs\/wp-content\/uploads\/2026\/06\/coro-madrid-300x113.png 300w, https:\/\/eurocongres.es\/ecs\/wp-content\/uploads\/2026\/06\/coro-madrid-768x290.png 768w\" sizes=\"(max-width: 800px) 100vw, 800px\" \/>\t\t\t\t\t\t\t\t\t\t\t\t\t\t\t<\/div>\n\t\t\t\t<\/div>\n\t\t\t\t<div class=\"elementor-element elementor-element-16cb7e5 elementor-widget elementor-widget-image\" data-id=\"16cb7e5\" data-element_type=\"widget\" data-e-type=\"widget\" data-widget_type=\"image.default\">\n\t\t\t\t<div class=\"elementor-widget-container\">\n\t\t\t\t\t\t\t\t\t\t\t\t\t\t\t<img loading=\"lazy\" decoding=\"async\" width=\"1024\" height=\"430\" src=\"https:\/\/eurocongres.es\/ecs\/wp-content\/uploads\/2026\/06\/coro-fund-cortina-1024x430.png\" class=\"attachment-large size-large wp-image-2743\" alt=\"\" srcset=\"https:\/\/eurocongres.es\/ecs\/wp-content\/uploads\/2026\/06\/coro-fund-cortina-1024x430.png 1024w, https:\/\/eurocongres.es\/ecs\/wp-content\/uploads\/2026\/06\/coro-fund-cortina-300x126.png 300w, https:\/\/eurocongres.es\/ecs\/wp-content\/uploads\/2026\/06\/coro-fund-cortina-768x323.png 768w, https:\/\/eurocongres.es\/ecs\/wp-content\/uploads\/2026\/06\/coro-fund-cortina-1536x645.png 1536w, https:\/\/eurocongres.es\/ecs\/wp-content\/uploads\/2026\/06\/coro-fund-cortina.png 1895w\" sizes=\"(max-width: 1024px) 100vw, 1024px\" \/>\t\t\t\t\t\t\t\t\t\t\t\t\t\t\t<\/div>\n\t\t\t\t<\/div>\n\t\t\t\t<div class=\"elementor-element elementor-element-e043979 elementor-widget elementor-widget-image\" data-id=\"e043979\" data-element_type=\"widget\" data-e-type=\"widget\" data-widget_type=\"image.default\">\n\t\t\t\t<div class=\"elementor-widget-container\">\n\t\t\t\t\t\t\t\t\t\t\t\t\t\t\t<img loading=\"lazy\" decoding=\"async\" width=\"1024\" height=\"465\" src=\"https:\/\/eurocongres.es\/ecs\/wp-content\/uploads\/2026\/06\/coro-almeria-1024x465.png\" class=\"attachment-large size-large wp-image-2742\" alt=\"\" srcset=\"https:\/\/eurocongres.es\/ecs\/wp-content\/uploads\/2026\/06\/coro-almeria-1024x465.png 1024w, https:\/\/eurocongres.es\/ecs\/wp-content\/uploads\/2026\/06\/coro-almeria-300x136.png 300w, https:\/\/eurocongres.es\/ecs\/wp-content\/uploads\/2026\/06\/coro-almeria-768x349.png 768w, https:\/\/eurocongres.es\/ecs\/wp-content\/uploads\/2026\/06\/coro-almeria-1536x697.png 1536w, https:\/\/eurocongres.es\/ecs\/wp-content\/uploads\/2026\/06\/coro-almeria-2048x929.png 2048w\" sizes=\"(max-width: 1024px) 100vw, 1024px\" \/>\t\t\t\t\t\t\t\t\t\t\t\t\t\t\t<\/div>\n\t\t\t\t<\/div>\n\t\t\t\t<div class=\"elementor-element elementor-element-0382fb8 elementor-widget elementor-widget-image\" data-id=\"0382fb8\" data-element_type=\"widget\" data-e-type=\"widget\" data-widget_type=\"image.default\">\n\t\t\t\t<div class=\"elementor-widget-container\">\n\t\t\t\t\t\t\t\t\t\t\t\t\t\t\t<img loading=\"lazy\" decoding=\"async\" width=\"1024\" height=\"358\" src=\"https:\/\/eurocongres.es\/ecs\/wp-content\/uploads\/2026\/06\/colegio-de-vigo-1024x358.png\" class=\"attachment-large size-large wp-image-2741\" alt=\"\" srcset=\"https:\/\/eurocongres.es\/ecs\/wp-content\/uploads\/2026\/06\/colegio-de-vigo-1024x358.png 1024w, https:\/\/eurocongres.es\/ecs\/wp-content\/uploads\/2026\/06\/colegio-de-vigo-300x105.png 300w, https:\/\/eurocongres.es\/ecs\/wp-content\/uploads\/2026\/06\/colegio-de-vigo-768x268.png 768w, https:\/\/eurocongres.es\/ecs\/wp-content\/uploads\/2026\/06\/colegio-de-vigo-1536x536.png 1536w, https:\/\/eurocongres.es\/ecs\/wp-content\/uploads\/2026\/06\/colegio-de-vigo-2048x715.png 2048w\" sizes=\"(max-width: 1024px) 100vw, 1024px\" \/>\t\t\t\t\t\t\t\t\t\t\t\t\t\t\t<\/div>\n\t\t\t\t<\/div>\n\t\t\t\t<div class=\"elementor-element elementor-element-0151964 elementor-widget__width-initial elementor-widget elementor-widget-image\" data-id=\"0151964\" data-element_type=\"widget\" data-e-type=\"widget\" data-widget_type=\"image.default\">\n\t\t\t\t<div class=\"elementor-widget-container\">\n\t\t\t\t\t\t\t\t\t\t\t\t\t\t\t<img loading=\"lazy\" decoding=\"async\" width=\"1024\" height=\"624\" src=\"https:\/\/eurocongres.es\/ecs\/wp-content\/uploads\/2026\/06\/colegio-alicante-1024x624.png\" class=\"attachment-large size-large wp-image-2740\" alt=\"\" srcset=\"https:\/\/eurocongres.es\/ecs\/wp-content\/uploads\/2026\/06\/colegio-alicante-1024x624.png 1024w, https:\/\/eurocongres.es\/ecs\/wp-content\/uploads\/2026\/06\/colegio-alicante-300x183.png 300w, https:\/\/eurocongres.es\/ecs\/wp-content\/uploads\/2026\/06\/colegio-alicante-768x468.png 768w, https:\/\/eurocongres.es\/ecs\/wp-content\/uploads\/2026\/06\/colegio-alicante.png 1070w\" sizes=\"(max-width: 1024px) 100vw, 1024px\" \/>\t\t\t\t\t\t\t\t\t\t\t\t\t\t\t<\/div>\n\t\t\t\t<\/div>\n\t\t\t\t<div class=\"elementor-element elementor-element-96f550f elementor-widget elementor-widget-image\" data-id=\"96f550f\" data-element_type=\"widget\" data-e-type=\"widget\" data-widget_type=\"image.default\">\n\t\t\t\t<div class=\"elementor-widget-container\">\n\t\t\t\t\t\t\t\t\t\t\t\t\t\t\t<img loading=\"lazy\" decoding=\"async\" width=\"1024\" height=\"437\" src=\"https:\/\/eurocongres.es\/ecs\/wp-content\/uploads\/2026\/06\/coro-valencia-1024x437.png\" class=\"attachment-large size-large wp-image-2822\" alt=\"\" srcset=\"https:\/\/eurocongres.es\/ecs\/wp-content\/uploads\/2026\/06\/coro-valencia-1024x437.png 1024w, https:\/\/eurocongres.es\/ecs\/wp-content\/uploads\/2026\/06\/coro-valencia-300x128.png 300w, https:\/\/eurocongres.es\/ecs\/wp-content\/uploads\/2026\/06\/coro-valencia-768x327.png 768w, https:\/\/eurocongres.es\/ecs\/wp-content\/uploads\/2026\/06\/coro-valencia.png 1468w\" sizes=\"(max-width: 1024px) 100vw, 1024px\" \/>\t\t\t\t\t\t\t\t\t\t\t\t\t\t\t<\/div>\n\t\t\t\t<\/div>\n\t\t\t\t<div class=\"elementor-element elementor-element-f046b14 elementor-widget elementor-widget-image\" data-id=\"f046b14\" data-element_type=\"widget\" data-e-type=\"widget\" data-widget_type=\"image.default\">\n\t\t\t\t<div class=\"elementor-widget-container\">\n\t\t\t\t\t\t\t\t\t\t\t\t\t\t\t<img loading=\"lazy\" decoding=\"async\" width=\"1024\" height=\"220\" src=\"https:\/\/eurocongres.es\/ecs\/wp-content\/uploads\/2026\/07\/VERSIONES-MARCA-ICA-CORDOBA-NUEVO-2022-HORIZONTAL-COLOR-1024x220.png\" class=\"attachment-large size-large wp-image-3463\" alt=\"\" srcset=\"https:\/\/eurocongres.es\/ecs\/wp-content\/uploads\/2026\/07\/VERSIONES-MARCA-ICA-CORDOBA-NUEVO-2022-HORIZONTAL-COLOR-1024x220.png 1024w, https:\/\/eurocongres.es\/ecs\/wp-content\/uploads\/2026\/07\/VERSIONES-MARCA-ICA-CORDOBA-NUEVO-2022-HORIZONTAL-COLOR-300x64.png 300w, https:\/\/eurocongres.es\/ecs\/wp-content\/uploads\/2026\/07\/VERSIONES-MARCA-ICA-CORDOBA-NUEVO-2022-HORIZONTAL-COLOR-768x165.png 768w, https:\/\/eurocongres.es\/ecs\/wp-content\/uploads\/2026\/07\/VERSIONES-MARCA-ICA-CORDOBA-NUEVO-2022-HORIZONTAL-COLOR-1536x330.png 1536w, https:\/\/eurocongres.es\/ecs\/wp-content\/uploads\/2026\/07\/VERSIONES-MARCA-ICA-CORDOBA-NUEVO-2022-HORIZONTAL-COLOR.png 1855w\" sizes=\"(max-width: 1024px) 100vw, 1024px\" \/>\t\t\t\t\t\t\t\t\t\t\t\t\t\t\t<\/div>\n\t\t\t\t<\/div>\n\t\t\t\t<div class=\"elementor-element elementor-element-bc5d00b elementor-widget__width-initial elementor-widget elementor-widget-image\" data-id=\"bc5d00b\" data-element_type=\"widget\" data-e-type=\"widget\" data-widget_type=\"image.default\">\n\t\t\t\t<div class=\"elementor-widget-container\">\n\t\t\t\t\t\t\t\t\t\t\t\t\t\t\t<img loading=\"lazy\" decoding=\"async\" width=\"435\" height=\"402\" src=\"https:\/\/eurocongres.es\/ecs\/wp-content\/uploads\/2026\/07\/logo-baleares.jpeg\" class=\"attachment-large size-large wp-image-3484\" alt=\"\" srcset=\"https:\/\/eurocongres.es\/ecs\/wp-content\/uploads\/2026\/07\/logo-baleares.jpeg 435w, https:\/\/eurocongres.es\/ecs\/wp-content\/uploads\/2026\/07\/logo-baleares-300x277.jpeg 300w\" sizes=\"(max-width: 435px) 100vw, 435px\" \/>\t\t\t\t\t\t\t\t\t\t\t\t\t\t\t<\/div>\n\t\t\t\t<\/div>\n\t\t\t\t<\/div>\n\t\t\t\t<\/div>\n\t\t\t\t<\/div>\n\t\t<div class=\"elementor-element elementor-element-e9d77b1 e-con-full e-flex e-con e-parent\" data-id=\"e9d77b1\" data-element_type=\"container\" data-e-type=\"container\" data-settings=\"{&quot;shape_divider_top&quot;:&quot;opacity-tilt&quot;}\">\n\t\t\t\t<div class=\"elementor-shape elementor-shape-top\" aria-hidden=\"true\" data-negative=\"false\">\n\t\t\t<svg xmlns=\"http:\/\/www.w3.org\/2000\/svg\" viewBox=\"0 0 2600 131.1\" preserveAspectRatio=\"none\">\n\t<path class=\"elementor-shape-fill\" d=\"M0 0L2600 0 2600 69.1 0 0z\"\/>\n\t<path class=\"elementor-shape-fill\" style=\"opacity:0.5\" d=\"M0 0L2600 0 2600 69.1 0 69.1z\"\/>\n\t<path class=\"elementor-shape-fill\" style=\"opacity:0.25\" d=\"M2600 0L0 0 0 130.1 2600 69.1z\"\/>\n<\/svg>\t\t<\/div>\n\t\t\t\t<div class=\"elementor-element elementor-element-6422777 elementor-widget__width-inherit elementor-widget elementor-widget-heading\" data-id=\"6422777\" data-element_type=\"widget\" data-e-type=\"widget\" data-widget_type=\"heading.default\">\n\t\t\t\t<div class=\"elementor-widget-container\">\n\t\t\t\t\t<h1 class=\"elementor-heading-title elementor-size-default\">Colaboradores<\/h1>\t\t\t\t<\/div>\n\t\t\t\t<\/div>\n\t\t\t\t<\/div>\n\t\t<div class=\"elementor-element elementor-element-9ddb4a0 e-grid e-con-boxed e-con e-parent\" data-id=\"9ddb4a0\" data-element_type=\"container\" data-e-type=\"container\">\n\t\t\t\t\t<div class=\"e-con-inner\">\n\t\t\t\t<div class=\"elementor-element elementor-element-9659e9b elementor-widget elementor-widget-image\" data-id=\"9659e9b\" data-element_type=\"widget\" data-e-type=\"widget\" data-widget_type=\"image.default\">\n\t\t\t\t<div class=\"elementor-widget-container\">\n\t\t\t\t\t\t\t\t\t\t\t\t\t\t\t<img loading=\"lazy\" decoding=\"async\" width=\"650\" height=\"351\" src=\"https:\/\/eurocongres.es\/ecs\/wp-content\/uploads\/2026\/07\/1739112059440.png\" class=\"attachment-large size-large wp-image-3448\" alt=\"\" srcset=\"https:\/\/eurocongres.es\/ecs\/wp-content\/uploads\/2026\/07\/1739112059440.png 650w, https:\/\/eurocongres.es\/ecs\/wp-content\/uploads\/2026\/07\/1739112059440-300x162.png 300w\" sizes=\"(max-width: 650px) 100vw, 650px\" \/>\t\t\t\t\t\t\t\t\t\t\t\t\t\t\t<\/div>\n\t\t\t\t<\/div>\n\t\t\t\t<div class=\"elementor-element elementor-element-20ea516 elementor-widget elementor-widget-image\" data-id=\"20ea516\" data-element_type=\"widget\" data-e-type=\"widget\" data-widget_type=\"image.default\">\n\t\t\t\t<div class=\"elementor-widget-container\">\n\t\t\t\t\t\t\t\t\t\t\t\t\t\t\t<img loading=\"lazy\" decoding=\"async\" width=\"948\" height=\"1024\" src=\"https:\/\/eurocongres.es\/ecs\/wp-content\/uploads\/2026\/06\/logo-granada-2031-948x1024.png\" class=\"attachment-large size-large wp-image-2242\" alt=\"\" srcset=\"https:\/\/eurocongres.es\/ecs\/wp-content\/uploads\/2026\/06\/logo-granada-2031-948x1024.png 948w, https:\/\/eurocongres.es\/ecs\/wp-content\/uploads\/2026\/06\/logo-granada-2031-278x300.png 278w, https:\/\/eurocongres.es\/ecs\/wp-content\/uploads\/2026\/06\/logo-granada-2031-768x830.png 768w, https:\/\/eurocongres.es\/ecs\/wp-content\/uploads\/2026\/06\/logo-granada-2031-1422x1536.png 1422w, https:\/\/eurocongres.es\/ecs\/wp-content\/uploads\/2026\/06\/logo-granada-2031.png 1608w\" sizes=\"(max-width: 948px) 100vw, 948px\" \/>\t\t\t\t\t\t\t\t\t\t\t\t\t\t\t<\/div>\n\t\t\t\t<\/div>\n\t\t\t\t<div class=\"elementor-element elementor-element-50aa4d0 elementor-hidden-desktop elementor-hidden-tablet elementor-hidden-mobile elementor-widget elementor-widget-image\" data-id=\"50aa4d0\" data-element_type=\"widget\" data-e-type=\"widget\" data-widget_type=\"image.default\">\n\t\t\t\t<div class=\"elementor-widget-container\">\n\t\t\t\t\t\t\t\t\t\t\t\t\t\t\t<img decoding=\"async\" src=\"https:\/\/eurocongres.es\/ecs\/wp-content\/plugins\/elementor\/assets\/images\/placeholder.png\" title=\"\" alt=\"\" loading=\"lazy\" \/>\t\t\t\t\t\t\t\t\t\t\t\t\t\t\t<\/div>\n\t\t\t\t<\/div>\n\t\t\t\t<div class=\"elementor-element elementor-element-a9aac7c elementor-hidden-desktop elementor-hidden-tablet elementor-hidden-mobile elementor-widget elementor-widget-image\" data-id=\"a9aac7c\" data-element_type=\"widget\" data-e-type=\"widget\" data-widget_type=\"image.default\">\n\t\t\t\t<div class=\"elementor-widget-container\">\n\t\t\t\t\t\t\t\t\t\t\t\t\t\t\t<img decoding=\"async\" src=\"https:\/\/eurocongres.es\/ecs\/wp-content\/plugins\/elementor\/assets\/images\/placeholder.png\" title=\"\" alt=\"\" loading=\"lazy\" \/>\t\t\t\t\t\t\t\t\t\t\t\t\t\t\t<\/div>\n\t\t\t\t<\/div>\n\t\t\t\t<div class=\"elementor-element elementor-element-aa33143 elementor-hidden-desktop elementor-hidden-tablet elementor-hidden-mobile elementor-widget elementor-widget-image\" data-id=\"aa33143\" data-element_type=\"widget\" data-e-type=\"widget\" data-widget_type=\"image.default\">\n\t\t\t\t<div class=\"elementor-widget-container\">\n\t\t\t\t\t\t\t\t\t\t\t\t\t\t\t<img decoding=\"async\" src=\"https:\/\/eurocongres.es\/ecs\/wp-content\/plugins\/elementor\/assets\/images\/placeholder.png\" title=\"\" alt=\"\" loading=\"lazy\" \/>\t\t\t\t\t\t\t\t\t\t\t\t\t\t\t<\/div>\n\t\t\t\t<\/div>\n\t\t\t\t<div class=\"elementor-element elementor-element-3b29027 elementor-hidden-desktop elementor-hidden-tablet elementor-hidden-mobile elementor-widget elementor-widget-image\" data-id=\"3b29027\" data-element_type=\"widget\" data-e-type=\"widget\" data-widget_type=\"image.default\">\n\t\t\t\t<div class=\"elementor-widget-container\">\n\t\t\t\t\t\t\t\t\t\t\t\t\t\t\t<img decoding=\"async\" src=\"https:\/\/eurocongres.es\/ecs\/wp-content\/plugins\/elementor\/assets\/images\/placeholder.png\" title=\"\" alt=\"\" loading=\"lazy\" \/>\t\t\t\t\t\t\t\t\t\t\t\t\t\t\t<\/div>\n\t\t\t\t<\/div>\n\t\t\t\t<div class=\"elementor-element elementor-element-7382363 elementor-hidden-desktop elementor-hidden-tablet elementor-hidden-mobile elementor-widget elementor-widget-image\" data-id=\"7382363\" data-element_type=\"widget\" data-e-type=\"widget\" data-widget_type=\"image.default\">\n\t\t\t\t<div class=\"elementor-widget-container\">\n\t\t\t\t\t\t\t\t\t\t\t\t\t\t\t<img decoding=\"async\" src=\"https:\/\/eurocongres.es\/ecs\/wp-content\/plugins\/elementor\/assets\/images\/placeholder.png\" title=\"\" alt=\"\" loading=\"lazy\" \/>\t\t\t\t\t\t\t\t\t\t\t\t\t\t\t<\/div>\n\t\t\t\t<\/div>\n\t\t\t\t<div class=\"elementor-element elementor-element-279ac05 elementor-hidden-desktop elementor-hidden-tablet elementor-hidden-mobile elementor-widget elementor-widget-image\" data-id=\"279ac05\" data-element_type=\"widget\" data-e-type=\"widget\" data-widget_type=\"image.default\">\n\t\t\t\t<div class=\"elementor-widget-container\">\n\t\t\t\t\t\t\t\t\t\t\t\t\t\t\t<img decoding=\"async\" src=\"https:\/\/eurocongres.es\/ecs\/wp-content\/plugins\/elementor\/assets\/images\/placeholder.png\" title=\"\" alt=\"\" loading=\"lazy\" \/>\t\t\t\t\t\t\t\t\t\t\t\t\t\t\t<\/div>\n\t\t\t\t<\/div>\n\t\t\t\t<div class=\"elementor-element elementor-element-dba38a8 elementor-hidden-desktop elementor-hidden-tablet elementor-hidden-mobile elementor-widget elementor-widget-image\" data-id=\"dba38a8\" data-element_type=\"widget\" data-e-type=\"widget\" data-widget_type=\"image.default\">\n\t\t\t\t<div class=\"elementor-widget-container\">\n\t\t\t\t\t\t\t\t\t\t\t\t\t\t\t<img decoding=\"async\" src=\"https:\/\/eurocongres.es\/ecs\/wp-content\/plugins\/elementor\/assets\/images\/placeholder.png\" title=\"\" alt=\"\" loading=\"lazy\" \/>\t\t\t\t\t\t\t\t\t\t\t\t\t\t\t<\/div>\n\t\t\t\t<\/div>\n\t\t\t\t\t<\/div>\n\t\t\t\t<\/div>\n\t\t<div class=\"elementor-element elementor-element-c02e9a5 e-flex e-con-boxed e-con e-parent\" data-id=\"c02e9a5\" data-element_type=\"container\" data-e-type=\"container\">\n\t\t\t\t\t<div class=\"e-con-inner\">\n\t\t\t\t\t<\/div>\n\t\t\t\t<\/div>\n\t\t<div class=\"elementor-element elementor-element-8af3bb6 e-con-full e-flex e-con e-parent\" data-id=\"8af3bb6\" data-element_type=\"container\" data-e-type=\"container\" data-settings=\"{&quot;shape_divider_top&quot;:&quot;opacity-tilt&quot;}\">\n\t\t\t\t<div class=\"elementor-shape elementor-shape-top\" aria-hidden=\"true\" data-negative=\"false\">\n\t\t\t<svg xmlns=\"http:\/\/www.w3.org\/2000\/svg\" viewBox=\"0 0 2600 131.1\" preserveAspectRatio=\"none\">\n\t<path class=\"elementor-shape-fill\" d=\"M0 0L2600 0 2600 69.1 0 0z\"\/>\n\t<path class=\"elementor-shape-fill\" style=\"opacity:0.5\" d=\"M0 0L2600 0 2600 69.1 0 69.1z\"\/>\n\t<path class=\"elementor-shape-fill\" style=\"opacity:0.25\" d=\"M2600 0L0 0 0 130.1 2600 69.1z\"\/>\n<\/svg>\t\t<\/div>\n\t\t\t\t<div class=\"elementor-element elementor-element-37875a0 elementor-widget__width-inherit elementor-widget elementor-widget-heading\" data-id=\"37875a0\" data-element_type=\"widget\" data-e-type=\"widget\" data-widget_type=\"heading.default\">\n\t\t\t\t<div class=\"elementor-widget-container\">\n\t\t\t\t\t<h1 class=\"elementor-heading-title elementor-size-default\">Patrocinadores<\/h1>\t\t\t\t<\/div>\n\t\t\t\t<\/div>\n\t\t\t\t<\/div>\n\t\t<div class=\"elementor-element elementor-element-5ca4e22 e-grid e-con-boxed e-con e-parent\" data-id=\"5ca4e22\" data-element_type=\"container\" data-e-type=\"container\">\n\t\t\t\t\t<div class=\"e-con-inner\">\n\t\t\t\t<div class=\"elementor-element elementor-element-548608a elementor-widget elementor-widget-image\" data-id=\"548608a\" data-element_type=\"widget\" data-e-type=\"widget\" data-widget_type=\"image.default\">\n\t\t\t\t<div class=\"elementor-widget-container\">\n\t\t\t\t\t\t\t\t\t\t\t\t\t\t\t<img loading=\"lazy\" decoding=\"async\" width=\"1024\" height=\"527\" src=\"https:\/\/eurocongres.es\/ecs\/wp-content\/uploads\/2026\/06\/AAFF-Logo-Fundacion-Espadafor-1024x527.jpg\" class=\"attachment-large size-large wp-image-3418\" alt=\"\" srcset=\"https:\/\/eurocongres.es\/ecs\/wp-content\/uploads\/2026\/06\/AAFF-Logo-Fundacion-Espadafor-1024x527.jpg 1024w, https:\/\/eurocongres.es\/ecs\/wp-content\/uploads\/2026\/06\/AAFF-Logo-Fundacion-Espadafor-300x154.jpg 300w, https:\/\/eurocongres.es\/ecs\/wp-content\/uploads\/2026\/06\/AAFF-Logo-Fundacion-Espadafor-768x395.jpg 768w, https:\/\/eurocongres.es\/ecs\/wp-content\/uploads\/2026\/06\/AAFF-Logo-Fundacion-Espadafor-1536x790.jpg 1536w, https:\/\/eurocongres.es\/ecs\/wp-content\/uploads\/2026\/06\/AAFF-Logo-Fundacion-Espadafor-2048x1053.jpg 2048w\" sizes=\"(max-width: 1024px) 100vw, 1024px\" \/>\t\t\t\t\t\t\t\t\t\t\t\t\t\t\t<\/div>\n\t\t\t\t<\/div>\n\t\t\t\t<div class=\"elementor-element elementor-element-15cc7b1 elementor-widget elementor-widget-image\" data-id=\"15cc7b1\" data-element_type=\"widget\" data-e-type=\"widget\" data-widget_type=\"image.default\">\n\t\t\t\t<div class=\"elementor-widget-container\">\n\t\t\t\t\t\t\t\t\t\t\t\t\t\t\t<img loading=\"lazy\" decoding=\"async\" width=\"1024\" height=\"375\" src=\"https:\/\/eurocongres.es\/ecs\/wp-content\/uploads\/2026\/07\/CRG-AF-Logotipo-CRG-Nuevo-rectangulo-negativo-color-1024x375.gif\" class=\"attachment-large size-large wp-image-3582\" alt=\"\" srcset=\"https:\/\/eurocongres.es\/ecs\/wp-content\/uploads\/2026\/07\/CRG-AF-Logotipo-CRG-Nuevo-rectangulo-negativo-color-1024x375.gif 1024w, https:\/\/eurocongres.es\/ecs\/wp-content\/uploads\/2026\/07\/CRG-AF-Logotipo-CRG-Nuevo-rectangulo-negativo-color-300x110.gif 300w, https:\/\/eurocongres.es\/ecs\/wp-content\/uploads\/2026\/07\/CRG-AF-Logotipo-CRG-Nuevo-rectangulo-negativo-color-768x282.gif 768w, https:\/\/eurocongres.es\/ecs\/wp-content\/uploads\/2026\/07\/CRG-AF-Logotipo-CRG-Nuevo-rectangulo-negativo-color-1536x563.gif 1536w, https:\/\/eurocongres.es\/ecs\/wp-content\/uploads\/2026\/07\/CRG-AF-Logotipo-CRG-Nuevo-rectangulo-negativo-color-2048x751.gif 2048w\" sizes=\"(max-width: 1024px) 100vw, 1024px\" \/>\t\t\t\t\t\t\t\t\t\t\t\t\t\t\t<\/div>\n\t\t\t\t<\/div>\n\t\t\t\t<div class=\"elementor-element elementor-element-d1094dd elementor-hidden-desktop elementor-hidden-tablet elementor-hidden-mobile elementor-widget elementor-widget-image\" data-id=\"d1094dd\" data-element_type=\"widget\" data-e-type=\"widget\" data-widget_type=\"image.default\">\n\t\t\t\t<div class=\"elementor-widget-container\">\n\t\t\t\t\t\t\t\t\t\t\t\t\t\t\t<img decoding=\"async\" src=\"https:\/\/eurocongres.es\/ecs\/wp-content\/plugins\/elementor\/assets\/images\/placeholder.png\" title=\"\" alt=\"\" loading=\"lazy\" \/>\t\t\t\t\t\t\t\t\t\t\t\t\t\t\t<\/div>\n\t\t\t\t<\/div>\n\t\t\t\t<div class=\"elementor-element elementor-element-7c000bb elementor-hidden-desktop elementor-hidden-tablet elementor-hidden-mobile elementor-widget elementor-widget-image\" data-id=\"7c000bb\" data-element_type=\"widget\" data-e-type=\"widget\" data-widget_type=\"image.default\">\n\t\t\t\t<div class=\"elementor-widget-container\">\n\t\t\t\t\t\t\t\t\t\t\t\t\t\t\t<img decoding=\"async\" src=\"https:\/\/eurocongres.es\/ecs\/wp-content\/plugins\/elementor\/assets\/images\/placeholder.png\" title=\"\" alt=\"\" loading=\"lazy\" \/>\t\t\t\t\t\t\t\t\t\t\t\t\t\t\t<\/div>\n\t\t\t\t<\/div>\n\t\t\t\t<div class=\"elementor-element elementor-element-b44639c elementor-hidden-desktop elementor-hidden-tablet elementor-hidden-mobile elementor-widget elementor-widget-image\" data-id=\"b44639c\" data-element_type=\"widget\" data-e-type=\"widget\" data-widget_type=\"image.default\">\n\t\t\t\t<div class=\"elementor-widget-container\">\n\t\t\t\t\t\t\t\t\t\t\t\t\t\t\t<img decoding=\"async\" src=\"https:\/\/eurocongres.es\/ecs\/wp-content\/plugins\/elementor\/assets\/images\/placeholder.png\" title=\"\" alt=\"\" loading=\"lazy\" \/>\t\t\t\t\t\t\t\t\t\t\t\t\t\t\t<\/div>\n\t\t\t\t<\/div>\n\t\t\t\t<div class=\"elementor-element elementor-element-52c9a3f elementor-hidden-desktop elementor-hidden-tablet elementor-hidden-mobile elementor-widget elementor-widget-image\" data-id=\"52c9a3f\" data-element_type=\"widget\" data-e-type=\"widget\" data-widget_type=\"image.default\">\n\t\t\t\t<div class=\"elementor-widget-container\">\n\t\t\t\t\t\t\t\t\t\t\t\t\t\t\t<img decoding=\"async\" src=\"https:\/\/eurocongres.es\/ecs\/wp-content\/plugins\/elementor\/assets\/images\/placeholder.png\" title=\"\" alt=\"\" loading=\"lazy\" \/>\t\t\t\t\t\t\t\t\t\t\t\t\t\t\t<\/div>\n\t\t\t\t<\/div>\n\t\t\t\t<div class=\"elementor-element elementor-element-7bad1ba elementor-hidden-desktop elementor-hidden-tablet elementor-hidden-mobile elementor-widget elementor-widget-image\" data-id=\"7bad1ba\" data-element_type=\"widget\" data-e-type=\"widget\" data-widget_type=\"image.default\">\n\t\t\t\t<div class=\"elementor-widget-container\">\n\t\t\t\t\t\t\t\t\t\t\t\t\t\t\t<img decoding=\"async\" src=\"https:\/\/eurocongres.es\/ecs\/wp-content\/plugins\/elementor\/assets\/images\/placeholder.png\" title=\"\" alt=\"\" loading=\"lazy\" \/>\t\t\t\t\t\t\t\t\t\t\t\t\t\t\t<\/div>\n\t\t\t\t<\/div>\n\t\t\t\t<div class=\"elementor-element elementor-element-2227955 elementor-hidden-desktop elementor-hidden-tablet elementor-hidden-mobile elementor-widget elementor-widget-image\" data-id=\"2227955\" data-element_type=\"widget\" data-e-type=\"widget\" data-widget_type=\"image.default\">\n\t\t\t\t<div class=\"elementor-widget-container\">\n\t\t\t\t\t\t\t\t\t\t\t\t\t\t\t<img decoding=\"async\" src=\"https:\/\/eurocongres.es\/ecs\/wp-content\/plugins\/elementor\/assets\/images\/placeholder.png\" title=\"\" alt=\"\" loading=\"lazy\" \/>\t\t\t\t\t\t\t\t\t\t\t\t\t\t\t<\/div>\n\t\t\t\t<\/div>\n\t\t\t\t<div class=\"elementor-element elementor-element-7919fa6 elementor-hidden-desktop elementor-hidden-tablet elementor-hidden-mobile elementor-widget elementor-widget-image\" data-id=\"7919fa6\" data-element_type=\"widget\" data-e-type=\"widget\" data-widget_type=\"image.default\">\n\t\t\t\t<div class=\"elementor-widget-container\">\n\t\t\t\t\t\t\t\t\t\t\t\t\t\t\t<img decoding=\"async\" src=\"https:\/\/eurocongres.es\/ecs\/wp-content\/plugins\/elementor\/assets\/images\/placeholder.png\" title=\"\" alt=\"\" loading=\"lazy\" \/>\t\t\t\t\t\t\t\t\t\t\t\t\t\t\t<\/div>\n\t\t\t\t<\/div>\n\t\t\t\t<div class=\"elementor-element elementor-element-99c99b0 elementor-hidden-desktop elementor-hidden-tablet elementor-hidden-mobile elementor-widget elementor-widget-image\" data-id=\"99c99b0\" data-element_type=\"widget\" data-e-type=\"widget\" data-widget_type=\"image.default\">\n\t\t\t\t<div class=\"elementor-widget-container\">\n\t\t\t\t\t\t\t\t\t\t\t\t\t\t\t<img decoding=\"async\" src=\"https:\/\/eurocongres.es\/ecs\/wp-content\/plugins\/elementor\/assets\/images\/placeholder.png\" title=\"\" alt=\"\" loading=\"lazy\" \/>\t\t\t\t\t\t\t\t\t\t\t\t\t\t\t<\/div>\n\t\t\t\t<\/div>\n\t\t\t\t\t<\/div>\n\t\t\t\t<\/div>\n\t\t<div class=\"elementor-element elementor-element-dad959d e-flex e-con-boxed e-con e-parent\" data-id=\"dad959d\" data-element_type=\"container\" data-e-type=\"container\">\n\t\t\t\t\t<div class=\"e-con-inner\">\n\t\t\t\t\t<\/div>\n\t\t\t\t<\/div>\n\t\t<div class=\"elementor-element elementor-element-d553903 e-con-full e-flex e-con e-parent\" data-id=\"d553903\" data-element_type=\"container\" data-e-type=\"container\" data-settings=\"{&quot;shape_divider_top&quot;:&quot;opacity-tilt&quot;}\">\n\t\t\t\t<div class=\"elementor-shape elementor-shape-top\" aria-hidden=\"true\" data-negative=\"false\">\n\t\t\t<svg xmlns=\"http:\/\/www.w3.org\/2000\/svg\" viewBox=\"0 0 2600 131.1\" preserveAspectRatio=\"none\">\n\t<path class=\"elementor-shape-fill\" d=\"M0 0L2600 0 2600 69.1 0 0z\"\/>\n\t<path class=\"elementor-shape-fill\" style=\"opacity:0.5\" d=\"M0 0L2600 0 2600 69.1 0 69.1z\"\/>\n\t<path class=\"elementor-shape-fill\" style=\"opacity:0.25\" d=\"M2600 0L0 0 0 130.1 2600 69.1z\"\/>\n<\/svg>\t\t<\/div>\n\t\t<div class=\"elementor-element elementor-element-ab37160 e-flex e-con-boxed e-con e-child\" data-id=\"ab37160\" data-element_type=\"container\" data-e-type=\"container\">\n\t\t\t\t\t<div class=\"e-con-inner\">\n\t\t\t\t<div class=\"elementor-element elementor-element-533bf48 elementor-widget elementor-widget-menu-anchor\" data-id=\"533bf48\" data-element_type=\"widget\" data-e-type=\"widget\" data-widget_type=\"menu-anchor.default\">\n\t\t\t\t<div class=\"elementor-widget-container\">\n\t\t\t\t\t\t\t<div class=\"elementor-menu-anchor\" id=\"Inscripcin\"><\/div>\n\t\t\t\t\t\t<\/div>\n\t\t\t\t<\/div>\n\t\t\t\t\t<\/div>\n\t\t\t\t<\/div>\n\t\t\t\t<div class=\"elementor-element elementor-element-5ce51e9 elementor-widget elementor-widget-heading\" data-id=\"5ce51e9\" data-element_type=\"widget\" data-e-type=\"widget\" data-widget_type=\"heading.default\">\n\t\t\t\t<div class=\"elementor-widget-container\">\n\t\t\t\t\t<h1 class=\"elementor-heading-title elementor-size-default\">Inscripci\u00f3n<\/h1>\t\t\t\t<\/div>\n\t\t\t\t<\/div>\n\t\t\t\t<\/div>\n\t\t<div class=\"elementor-element elementor-element-16d9409 e-flex e-con-boxed e-con e-parent\" data-id=\"16d9409\" data-element_type=\"container\" data-e-type=\"container\">\n\t\t\t\t\t<div class=\"e-con-inner\">\n\t\t\t\t<div class=\"elementor-element elementor-element-57f9aab elementor-widget elementor-widget-text-editor\" data-id=\"57f9aab\" data-element_type=\"widget\" data-e-type=\"widget\" data-widget_type=\"text-editor.default\">\n\t\t\t\t<div class=\"elementor-widget-container\">\n\t\t\t\t\t\t\t\t\t<h4>Cuota<strong> de\u00a0 Inscripci\u00f3n: 155\u20ac <\/strong><em><span style=\"color: #808080;\">(Coralista \/ Acompa\u00f1ante)<\/span><\/em><\/h4><div><span style=\"color: #000000;\"><strong>Plazo l\u00edmite de inscripci\u00f3n: 25 de Septiembre de 2026\u00a0<\/strong><\/span><\/div><p><span style=\"color: #104c8d;\">Para realizar su inscripci\u00f3n individual <span style=\"color: #000000;\"><span style=\"font-weight: bold; color: #104c8d;\">haga clic en el siguiente<\/span> (<a href=\"https:\/\/xxencuentro.eurocongres.es\/boletines\/inscripcion\" target=\"_blank\" rel=\"noopener\"><b>enlace)<\/b><\/a><\/span><\/span><\/p><p><span style=\"font-style: inherit; font-weight: inherit; letter-spacing: 0.8px;\">Para realizar su inscripci\u00f3n a trav\u00e9s de su Colegio, p\u00f3ngase en contacto con el Colegio<\/span><\/p>\t\t\t\t\t\t\t\t<\/div>\n\t\t\t\t<\/div>\n\t\t\t\t\t<\/div>\n\t\t\t\t<\/div>\n\t\t<div class=\"elementor-element elementor-element-b2d4503 e-con-full e-flex e-con e-parent\" data-id=\"b2d4503\" data-element_type=\"container\" data-e-type=\"container\" data-settings=\"{&quot;shape_divider_top&quot;:&quot;opacity-tilt&quot;}\">\n\t\t\t\t<div class=\"elementor-shape elementor-shape-top\" aria-hidden=\"true\" data-negative=\"false\">\n\t\t\t<svg xmlns=\"http:\/\/www.w3.org\/2000\/svg\" viewBox=\"0 0 2600 131.1\" preserveAspectRatio=\"none\">\n\t<path class=\"elementor-shape-fill\" d=\"M0 0L2600 0 2600 69.1 0 0z\"\/>\n\t<path class=\"elementor-shape-fill\" style=\"opacity:0.5\" d=\"M0 0L2600 0 2600 69.1 0 69.1z\"\/>\n\t<path class=\"elementor-shape-fill\" style=\"opacity:0.25\" d=\"M2600 0L0 0 0 130.1 2600 69.1z\"\/>\n<\/svg>\t\t<\/div>\n\t\t<div class=\"elementor-element elementor-element-fa8d546 e-flex e-con-boxed e-con e-child\" data-id=\"fa8d546\" data-element_type=\"container\" data-e-type=\"container\">\n\t\t\t\t\t<div class=\"e-con-inner\">\n\t\t\t\t<div class=\"elementor-element elementor-element-c11d3a2 elementor-widget elementor-widget-menu-anchor\" data-id=\"c11d3a2\" data-element_type=\"widget\" data-e-type=\"widget\" data-widget_type=\"menu-anchor.default\">\n\t\t\t\t<div class=\"elementor-widget-container\">\n\t\t\t\t\t\t\t<div class=\"elementor-menu-anchor\" id=\"Alojamiento\"><\/div>\n\t\t\t\t\t\t<\/div>\n\t\t\t\t<\/div>\n\t\t\t\t\t<\/div>\n\t\t\t\t<\/div>\n\t\t\t\t<div class=\"elementor-element elementor-element-d264844 elementor-widget elementor-widget-heading\" data-id=\"d264844\" data-element_type=\"widget\" data-e-type=\"widget\" data-widget_type=\"heading.default\">\n\t\t\t\t<div class=\"elementor-widget-container\">\n\t\t\t\t\t<h1 class=\"elementor-heading-title elementor-size-default\">Alojamiento<\/h1>\t\t\t\t<\/div>\n\t\t\t\t<\/div>\n\t\t\t\t<\/div>\n\t\t<div class=\"elementor-element elementor-element-bc6d108 e-flex e-con-boxed e-con e-parent\" data-id=\"bc6d108\" data-element_type=\"container\" data-e-type=\"container\">\n\t\t\t\t\t<div class=\"e-con-inner\">\n\t\t\t\t<div class=\"elementor-element elementor-element-9de4091 elementor-widget elementor-widget-heading\" data-id=\"9de4091\" data-element_type=\"widget\" data-e-type=\"widget\" data-widget_type=\"heading.default\">\n\t\t\t\t<div class=\"elementor-widget-container\">\n\t\t\t\t\t<h3 class=\"elementor-heading-title elementor-size-default\">BENEF\u00cdCIESE DE UNA MEJOR TARIFA EN LOS SIGUIENTES HOTELES\nMEDIANTE EL C\u00d3DIGO: XXECGR<\/h3>\t\t\t\t<\/div>\n\t\t\t\t<\/div>\n\t\t\t\t\t<\/div>\n\t\t\t\t<\/div>\n\t\t<div class=\"elementor-element elementor-element-d50d602 e-grid e-con-boxed e-con e-parent\" data-id=\"d50d602\" data-element_type=\"container\" data-e-type=\"container\">\n\t\t\t\t\t<div class=\"e-con-inner\">\n\t\t\t\t<div class=\"elementor-element elementor-element-919d098 elementor-position-top elementor-widget elementor-widget-image-box\" data-id=\"919d098\" data-element_type=\"widget\" data-e-type=\"widget\" data-widget_type=\"image-box.default\">\n\t\t\t\t<div class=\"elementor-widget-container\">\n\t\t\t\t\t<div class=\"elementor-image-box-wrapper\"><figure class=\"elementor-image-box-img\"><a href=\"https:\/\/reservation.barcelo.com\/?be_redirect=ceres&#038;country=ES&#038;rooms=1&#038;arrive=2026-10-30&#038;marketcampaign=es&#038;hotel=7394&#038;currency=EUR&#038;store=es-es&#038;depart=2026-11-02&#038;adult=2&#038;locale=es-ES&#038;marketprice=EUR&#038;groupcode=XXECGR\" target=\"_blank\" tabindex=\"-1\"><img loading=\"lazy\" decoding=\"async\" width=\"837\" height=\"575\" src=\"https:\/\/eurocongres.es\/ecs\/wp-content\/uploads\/2026\/06\/b7a89f99-1.avif\" class=\"attachment-full size-full wp-image-2041\" alt=\"\" srcset=\"https:\/\/eurocongres.es\/ecs\/wp-content\/uploads\/2026\/06\/b7a89f99-1.avif 837w, https:\/\/eurocongres.es\/ecs\/wp-content\/uploads\/2026\/06\/b7a89f99-1-300x206.avif 300w, https:\/\/eurocongres.es\/ecs\/wp-content\/uploads\/2026\/06\/b7a89f99-1-768x528.avif 768w\" sizes=\"(max-width: 837px) 100vw, 837px\" \/><\/a><\/figure><div class=\"elementor-image-box-content\"><h3 class=\"elementor-image-box-title\"><a href=\"https:\/\/reservation.barcelo.com\/?be_redirect=ceres&#038;country=ES&#038;rooms=1&#038;arrive=2026-10-30&#038;marketcampaign=es&#038;hotel=7394&#038;currency=EUR&#038;store=es-es&#038;depart=2026-11-02&#038;adult=2&#038;locale=es-ES&#038;marketprice=EUR&#038;groupcode=XXECGR\" target=\"_blank\">Hotel Barcel\u00f3 Occidental<\/a><\/h3><\/div><\/div>\t\t\t\t<\/div>\n\t\t\t\t<\/div>\n\t\t\t\t<div class=\"elementor-element elementor-element-f4b5057 elementor-position-top elementor-widget elementor-widget-image-box\" data-id=\"f4b5057\" data-element_type=\"widget\" data-e-type=\"widget\" data-widget_type=\"image-box.default\">\n\t\t\t\t<div class=\"elementor-widget-container\">\n\t\t\t\t\t<div class=\"elementor-image-box-wrapper\"><figure class=\"elementor-image-box-img\"><a href=\"https:\/\/www.porcelhoteles.com\/sabica\/?gad_source=1&#038;gad_campaignid=256931456&#038;gbraid=0AAAAADi_y5inyShtczd3Pp7WkLb4Mk-Zp&#038;gclid=Cj0KCQjwof_QBhCgARIsADaMzOflhiBacI7IeSsDgMSMjqIm4foik6PTmN3gUcuNC8ADw_R-rY6NEZIaApeZEALw_wcB\" target=\"_blank\" tabindex=\"-1\"><img loading=\"lazy\" decoding=\"async\" width=\"1024\" height=\"683\" src=\"https:\/\/eurocongres.es\/ecs\/wp-content\/uploads\/2026\/06\/hotel-porcel-sabica-1.jpg\" class=\"attachment-full size-full wp-image-2143\" alt=\"\" srcset=\"https:\/\/eurocongres.es\/ecs\/wp-content\/uploads\/2026\/06\/hotel-porcel-sabica-1.jpg 1024w, https:\/\/eurocongres.es\/ecs\/wp-content\/uploads\/2026\/06\/hotel-porcel-sabica-1-300x200.jpg 300w, https:\/\/eurocongres.es\/ecs\/wp-content\/uploads\/2026\/06\/hotel-porcel-sabica-1-768x512.jpg 768w\" sizes=\"(max-width: 1024px) 100vw, 1024px\" \/><\/a><\/figure><div class=\"elementor-image-box-content\"><h3 class=\"elementor-image-box-title\"><a href=\"https:\/\/www.porcelhoteles.com\/sabica\/?gad_source=1&#038;gad_campaignid=256931456&#038;gbraid=0AAAAADi_y5inyShtczd3Pp7WkLb4Mk-Zp&#038;gclid=Cj0KCQjwof_QBhCgARIsADaMzOflhiBacI7IeSsDgMSMjqIm4foik6PTmN3gUcuNC8ADw_R-rY6NEZIaApeZEALw_wcB\" target=\"_blank\">Hotel Sabica<\/a><\/h3><\/div><\/div>\t\t\t\t<\/div>\n\t\t\t\t<\/div>\n\t\t\t\t<div class=\"elementor-element elementor-element-81d5e15 elementor-position-top elementor-widget elementor-widget-image-box\" data-id=\"81d5e15\" data-element_type=\"widget\" data-e-type=\"widget\" data-widget_type=\"image-box.default\">\n\t\t\t\t<div class=\"elementor-widget-container\">\n\t\t\t\t\t<div class=\"elementor-image-box-wrapper\"><figure class=\"elementor-image-box-img\"><a href=\"https:\/\/reservation.barcelo.com\/?be_redirect=ceres&#038;country=ES&#038;rooms=1&#038;arrive=2026-10-30&#038;marketcampaign=es&#038;hotel=7304&#038;currency=EUR&#038;store=es-es&#038;depart=2026-11-02&#038;adult=2&#038;locale=es-ES&#038;marketprice=EUR&#038;groupcode=XXECGR\" target=\"_blank\" tabindex=\"-1\"><img loading=\"lazy\" decoding=\"async\" width=\"863\" height=\"575\" src=\"https:\/\/eurocongres.es\/ecs\/wp-content\/uploads\/2026\/06\/barcelo.avif\" class=\"attachment-full size-full wp-image-2039\" alt=\"\" srcset=\"https:\/\/eurocongres.es\/ecs\/wp-content\/uploads\/2026\/06\/barcelo.avif 863w, https:\/\/eurocongres.es\/ecs\/wp-content\/uploads\/2026\/06\/barcelo-300x200.avif 300w, https:\/\/eurocongres.es\/ecs\/wp-content\/uploads\/2026\/06\/barcelo-768x512.avif 768w\" sizes=\"(max-width: 863px) 100vw, 863px\" \/><\/a><\/figure><div class=\"elementor-image-box-content\"><h3 class=\"elementor-image-box-title\"><a href=\"https:\/\/reservation.barcelo.com\/?be_redirect=ceres&#038;country=ES&#038;rooms=1&#038;arrive=2026-10-30&#038;marketcampaign=es&#038;hotel=7304&#038;currency=EUR&#038;store=es-es&#038;depart=2026-11-02&#038;adult=2&#038;locale=es-ES&#038;marketprice=EUR&#038;groupcode=XXECGR\" target=\"_blank\">Hotel Barcelo Congress <\/a><\/h3><\/div><\/div>\t\t\t\t<\/div>\n\t\t\t\t<\/div>\n\t\t\t\t<div class=\"elementor-element elementor-element-d2757e1 elementor-position-top elementor-widget elementor-widget-image-box\" data-id=\"d2757e1\" data-element_type=\"widget\" data-e-type=\"widget\" data-widget_type=\"image-box.default\">\n\t\t\t\t<div class=\"elementor-widget-container\">\n\t\t\t\t\t<div class=\"elementor-image-box-wrapper\"><figure class=\"elementor-image-box-img\"><a href=\"https:\/\/www.porcelhoteles.com\/navas\/\" target=\"_blank\" tabindex=\"-1\"><img loading=\"lazy\" decoding=\"async\" width=\"687\" height=\"460\" src=\"https:\/\/eurocongres.es\/ecs\/wp-content\/uploads\/2026\/06\/Hotel-Navas-1.jpg\" class=\"attachment-full size-full wp-image-2145\" alt=\"\" srcset=\"https:\/\/eurocongres.es\/ecs\/wp-content\/uploads\/2026\/06\/Hotel-Navas-1.jpg 687w, https:\/\/eurocongres.es\/ecs\/wp-content\/uploads\/2026\/06\/Hotel-Navas-1-300x201.jpg 300w\" sizes=\"(max-width: 687px) 100vw, 687px\" \/><\/a><\/figure><div class=\"elementor-image-box-content\"><h3 class=\"elementor-image-box-title\"><a href=\"https:\/\/www.porcelhoteles.com\/navas\/\" target=\"_blank\">Hotel Navas<\/a><\/h3><\/div><\/div>\t\t\t\t<\/div>\n\t\t\t\t<\/div>\n\t\t\t\t\t<\/div>\n\t\t\t\t<\/div>\n\t\t<div class=\"elementor-element elementor-element-43ac5f4 e-flex e-con-boxed e-con e-parent\" data-id=\"43ac5f4\" data-element_type=\"container\" data-e-type=\"container\">\n\t\t\t\t\t<div class=\"e-con-inner\">\n\t\t\t\t<div class=\"elementor-element elementor-element-be04d9a elementor-widget elementor-widget-menu-anchor\" data-id=\"be04d9a\" data-element_type=\"widget\" data-e-type=\"widget\" data-widget_type=\"menu-anchor.default\">\n\t\t\t\t<div class=\"elementor-widget-container\">\n\t\t\t\t\t\t\t<div class=\"elementor-menu-anchor\" id=\"Organiza\"><\/div>\n\t\t\t\t\t\t<\/div>\n\t\t\t\t<\/div>\n\t\t\t\t\t<\/div>\n\t\t\t\t<\/div>\n\t\t<div class=\"elementor-element elementor-element-639b589 e-flex e-con-boxed e-con e-parent\" data-id=\"639b589\" data-element_type=\"container\" data-e-type=\"container\" data-settings=\"{&quot;background_background&quot;:&quot;gradient&quot;}\">\n\t\t\t\t\t<div class=\"e-con-inner\">\n\t\t\t\t<div class=\"elementor-element elementor-element-2ffd848 elementor-widget elementor-widget-heading\" data-id=\"2ffd848\" data-element_type=\"widget\" data-e-type=\"widget\" data-widget_type=\"heading.default\">\n\t\t\t\t<div class=\"elementor-widget-container\">\n\t\t\t\t\t<h6 class=\"elementor-heading-title elementor-size-default\">Organiza:<\/h6>\t\t\t\t<\/div>\n\t\t\t\t<\/div>\n\t\t\t\t\t<\/div>\n\t\t\t\t<\/div>\n\t\t<div class=\"elementor-element elementor-element-3278cb5 e-flex e-con-boxed e-con e-parent\" data-id=\"3278cb5\" data-element_type=\"container\" data-e-type=\"container\">\n\t\t\t\t\t<div class=\"e-con-inner\">\n\t\t<div class=\"elementor-element elementor-element-27abcf1 e-con-full e-flex e-con e-child\" data-id=\"27abcf1\" data-element_type=\"container\" data-e-type=\"container\">\n\t\t\t\t<div class=\"elementor-element elementor-element-83b3d5b elementor-widget elementor-widget-image\" data-id=\"83b3d5b\" data-element_type=\"widget\" data-e-type=\"widget\" data-widget_type=\"image.default\">\n\t\t\t\t<div class=\"elementor-widget-container\">\n\t\t\t\t\t\t\t\t\t\t\t\t\t\t\t<img loading=\"lazy\" decoding=\"async\" width=\"1024\" height=\"318\" src=\"https:\/\/eurocongres.es\/ecs\/wp-content\/uploads\/2026\/06\/blanco-colegio-de-granada-1024x318.png\" class=\"attachment-large size-large wp-image-2803\" alt=\"\" srcset=\"https:\/\/eurocongres.es\/ecs\/wp-content\/uploads\/2026\/06\/blanco-colegio-de-granada-1024x318.png 1024w, https:\/\/eurocongres.es\/ecs\/wp-content\/uploads\/2026\/06\/blanco-colegio-de-granada-300x93.png 300w, https:\/\/eurocongres.es\/ecs\/wp-content\/uploads\/2026\/06\/blanco-colegio-de-granada-768x238.png 768w, https:\/\/eurocongres.es\/ecs\/wp-content\/uploads\/2026\/06\/blanco-colegio-de-granada-1536x476.png 1536w, https:\/\/eurocongres.es\/ecs\/wp-content\/uploads\/2026\/06\/blanco-colegio-de-granada-2048x635.png 2048w\" sizes=\"(max-width: 1024px) 100vw, 1024px\" \/>\t\t\t\t\t\t\t\t\t\t\t\t\t\t\t<\/div>\n\t\t\t\t<\/div>\n\t\t\t\t<div class=\"elementor-element elementor-element-d9e5a4a elementor-widget elementor-widget-text-editor\" data-id=\"d9e5a4a\" data-element_type=\"widget\" data-e-type=\"widget\" data-widget_type=\"text-editor.default\">\n\t\t\t\t<div class=\"elementor-widget-container\">\n\t\t\t\t\t\t\t\t\t<p style=\"text-align: left;\">Secretar\u00eda T\u00e9cnica\u00a0<\/p><p style=\"text-align: left;\">Eurocongres<\/p><p style=\"text-align: left;\">958 209 361<\/p><p style=\"text-align: left;\">xxencuentro@eurocongres.es<\/p>\t\t\t\t\t\t\t\t<\/div>\n\t\t\t\t<\/div>\n\t\t\t\t<\/div>\n\t\t<div class=\"elementor-element elementor-element-c0a0349 e-con-full e-flex e-con e-child\" data-id=\"c0a0349\" data-element_type=\"container\" data-e-type=\"container\">\n\t\t\t\t<div class=\"elementor-element elementor-element-a7385b7 elementor-widget__width-initial elementor-widget elementor-widget-image\" data-id=\"a7385b7\" data-element_type=\"widget\" data-e-type=\"widget\" data-widget_type=\"image.default\">\n\t\t\t\t<div class=\"elementor-widget-container\">\n\t\t\t\t\t\t\t\t\t\t\t\t\t\t\t<img loading=\"lazy\" decoding=\"async\" width=\"950\" height=\"1024\" src=\"https:\/\/eurocongres.es\/ecs\/wp-content\/uploads\/2026\/06\/coro-colegio-blanco-950x1024.png\" class=\"attachment-large size-large wp-image-2237\" alt=\"\" srcset=\"https:\/\/eurocongres.es\/ecs\/wp-content\/uploads\/2026\/06\/coro-colegio-blanco-950x1024.png 950w, https:\/\/eurocongres.es\/ecs\/wp-content\/uploads\/2026\/06\/coro-colegio-blanco-278x300.png 278w, https:\/\/eurocongres.es\/ecs\/wp-content\/uploads\/2026\/06\/coro-colegio-blanco-768x828.png 768w, https:\/\/eurocongres.es\/ecs\/wp-content\/uploads\/2026\/06\/coro-colegio-blanco-1425x1536.png 1425w, https:\/\/eurocongres.es\/ecs\/wp-content\/uploads\/2026\/06\/coro-colegio-blanco-1901x2048.png 1901w, https:\/\/eurocongres.es\/ecs\/wp-content\/uploads\/2026\/06\/coro-colegio-blanco.png 1934w\" sizes=\"(max-width: 950px) 100vw, 950px\" \/>\t\t\t\t\t\t\t\t\t\t\t\t\t\t\t<\/div>\n\t\t\t\t<\/div>\n\t\t\t\t<div class=\"elementor-element elementor-element-1343baf elementor-widget elementor-widget-image\" data-id=\"1343baf\" data-element_type=\"widget\" data-e-type=\"widget\" data-widget_type=\"image.default\">\n\t\t\t\t<div class=\"elementor-widget-container\">\n\t\t\t\t\t\t\t\t\t\t\t\t\t\t\t<img decoding=\"async\" src=\"https:\/\/eurocongres.es\/ecs\/wp-content\/uploads\/2026\/06\/logo-granada-2031.png\" title=\"logo-granada-2031\" alt=\"logo-granada-2031\" loading=\"lazy\" \/>\t\t\t\t\t\t\t\t\t\t\t\t\t\t\t<\/div>\n\t\t\t\t<\/div>\n\t\t\t\t<\/div>\n\t\t\t\t\t<\/div>\n\t\t\t\t<\/div>\n\t\t\t\t<\/div>\n\t\t","protected":false},"excerpt":{"rendered":"<p>Inscripci\u00f3n Programa Alojamiento Contacto Estimados\u00a0compa\u00f1eros y compa\u00f1eras: Me complace dirigirme a vosotros para daros la bienvenida al \u201cXX Encuentro de Coros de Colegios de Abogados de Espa\u00f1a\u201d, que tenemos el honor de acoger con la ilusi\u00f3n de aunar m\u00fasica, confraternidad, ocio y divertimento. Durante los pr\u00f3ximos 31 de octubre y 1 de noviembre \u00e9sta ser\u00e1 &hellip;<\/p>\n<p class=\"read-more\"> <a class=\"\" href=\"https:\/\/eurocongres.es\/ecs\/xx-encuentro-de-coros-colegido-de-abogados-granada\/\"> <span class=\"screen-reader-text\">XX Encuentro de Coros &#8211; Colegido de abogados &#8211; Granada<\/span> Leer m\u00e1s &raquo;<\/a><\/p>\n","protected":false},"author":2,"featured_media":0,"parent":0,"menu_order":0,"comment_status":"closed","ping_status":"closed","template":"elementor_canvas","meta":{"site-sidebar-layout":"no-sidebar","site-content-layout":"","ast-site-content-layout":"full-width-container","site-content-style":"default","site-sidebar-style":"default","ast-global-header-display":"","ast-banner-title-visibility":"","ast-main-header-display":"","ast-hfb-above-header-display":"","ast-hfb-below-header-display":"","ast-hfb-mobile-header-display":"","site-post-title":"disabled","ast-breadcrumbs-content":"","ast-featured-img":"disabled","footer-sml-layout":"","theme-transparent-header-meta":"","adv-header-id-meta":"","stick-header-meta":"","header-above-stick-meta":"","header-main-stick-meta":"","header-below-stick-meta":"","astra-migrate-meta-layouts":"","footnotes":""},"class_list":["post-1832","page","type-page","status-publish","hentry"],"aioseo_notices":[],"_links":{"self":[{"href":"https:\/\/eurocongres.es\/ecs\/wp-json\/wp\/v2\/pages\/1832","targetHints":{"allow":["GET"]}}],"collection":[{"href":"https:\/\/eurocongres.es\/ecs\/wp-json\/wp\/v2\/pages"}],"about":[{"href":"https:\/\/eurocongres.es\/ecs\/wp-json\/wp\/v2\/types\/page"}],"author":[{"embeddable":true,"href":"https:\/\/eurocongres.es\/ecs\/wp-json\/wp\/v2\/users\/2"}],"replies":[{"embeddable":true,"href":"https:\/\/eurocongres.es\/ecs\/wp-json\/wp\/v2\/comments?post=1832"}],"version-history":[{"count":602,"href":"https:\/\/eurocongres.es\/ecs\/wp-json\/wp\/v2\/pages\/1832\/revisions"}],"predecessor-version":[{"id":3812,"href":"https:\/\/eurocongres.es\/ecs\/wp-json\/wp\/v2\/pages\/1832\/revisions\/3812"}],"wp:attachment":[{"href":"https:\/\/eurocongres.es\/ecs\/wp-json\/wp\/v2\/media?parent=1832"}],"curies":[{"name":"wp","href":"https:\/\/api.w.org\/{rel}","templated":true}]}}